{"id":5262,"date":"2025-05-21T07:12:18","date_gmt":"2025-05-21T05:12:18","guid":{"rendered":"https:\/\/oekosozial.at\/wien\/?page_id=5262"},"modified":"2026-04-09T21:05:02","modified_gmt":"2026-04-09T19:05:02","slug":"station-8-outreach","status":"publish","type":"page","link":"https:\/\/oekosozial.at\/wien\/gesichter-der-vielfalt-guide\/station-8-outreach\/","title":{"rendered":"Station 8: Outreach"},"content":{"rendered":"\n<h5 class=\"wp-block-heading\">Einen Unterschied machen<\/h5>\n\n\n\n<p><\/p>\n\n\n\n<p>TONSPUR (folgt) | H\u00c4NGUNG<\/p>\n\n\n\n<p>Auch kleine Fl\u00e4chen k\u00f6nnen einen gro\u00dfen Unterschied f\u00fcr die Biodiversit\u00e4t machen. Die Gr\u00fcnfl\u00e4che, die sie neben der Galerie sehen, war bis vor kurzem noch eine strukturarme Wiese mit zwei Str\u00e4uchern und einem Baum. Im Vorfeld unserer Ausstellung wurde sie vom der <em>Stadt Wien | Wiener Stadtg\u00e4rten<\/em> auf Antrag der Bezirksvertretung hin zur Biodiversit\u00e4tsfl\u00e4che umgestaltet. Es war uns ein Anliegen, mit unserer Ausstellung in echt etwas zu bewegen, einen Unterschied zu machen. Wir haben f\u00fcr diese kleine Biodiversit\u00e4tsinsel den klingenden Namen &#8222;Spatz und Biene&#8220; gew\u00e4hlt. Denn beide Arten &#8211; der Haussperling, kurz Spatz, und viele Arten von Wildbienen, k\u00f6nnen Support gut gebrauchen.<\/p>\n\n\n\n<figure class=\"wp-block-image size-full is-resized\"><img loading=\"lazy\" decoding=\"async\" width=\"852\" height=\"309\" src=\"https:\/\/oekosozial.at\/wien\/wp-content\/uploads\/sites\/4\/2025\/05\/Spatz-und-Biene.jpg\" alt=\"\" class=\"wp-image-5382\" style=\"width:583px;height:auto\" srcset=\"https:\/\/oekosozial.at\/wien\/wp-content\/uploads\/sites\/4\/2025\/05\/Spatz-und-Biene.jpg 852w, https:\/\/oekosozial.at\/wien\/wp-content\/uploads\/sites\/4\/2025\/05\/Spatz-und-Biene-300x109.jpg 300w, https:\/\/oekosozial.at\/wien\/wp-content\/uploads\/sites\/4\/2025\/05\/Spatz-und-Biene-768x279.jpg 768w, https:\/\/oekosozial.at\/wien\/wp-content\/uploads\/sites\/4\/2025\/05\/Spatz-und-Biene-100x36.jpg 100w, https:\/\/oekosozial.at\/wien\/wp-content\/uploads\/sites\/4\/2025\/05\/Spatz-und-Biene-758x275.jpg 758w\" sizes=\"auto, (max-width: 852px) 100vw, 852px\" \/><\/figure>\n\n\n\n<p>Strukturen wurden angelegt, ein zweiter Baum und heimische Str\u00e4ucher wurden gepflanzt. Auch ein Totholzstamm und ein kleiner Totholzhaufen aus \u00c4sten, die am Baum abfallen, bereichern das Mini-Habitat. Eine Nisthilfe &#8211; h\u00e4ufig &#8222;Insektenhotel&#8220; genannt &#8211; bietet am Baum Nistpl\u00e4tze f\u00fcr heimische Wildbienenarten. Str\u00e4ucher und Totholz f\u00f6rdern Insekten, die wiederum als Nahrung f\u00fcr heimische V\u00f6gel herhalten m\u00fcssen.\u00a0<\/p>\n\n\n\n<p>Die Fl\u00e4che bildet damit einen lebendigen Kontrastpunkt zur Kunstinstallation &#8222;Warten auf V\u00f6gel&#8220; von Josef Bernhardt<sup data-fn=\"72897164-9f40-4e48-8b81-b91675a353cd\" class=\"fn\"><a href=\"#72897164-9f40-4e48-8b81-b91675a353cd\" id=\"72897164-9f40-4e48-8b81-b91675a353cd-link\">1<\/a><\/sup>, im Volksmund als &#8222;Vogelh\u00e4userlpark&#8220; bezeichnet, die anhand ihrer naturferne Tristesse, Regelm\u00e4\u00dfigkeit und die Einfalt menschlicher Gestaltung zum Ausdruck bringt. W\u00e4hrend diese Kunstinstallation &#8211; zahllose Nistk\u00e4sten ohne Nutzen, eine Fl\u00e4che ohne Lebendigkeit &#8211; Aufmerksamkeit erregt und sensibilisieren will, bietet <em>Spatz und Biene<\/em> mit einfachsten Mitteln als Biodiversit\u00e4tsfl\u00e4che einen echten Kontrast dazu. Die K\u00fcnstlerin dahinter spricht hier allerdings keine nicht auf Vernissagen mit blumigen Worten \u00fcber ihr Werk und findet keine Worte und Titel f\u00fcr ihre Arbeit &#8211; denn die K\u00fcnstlerin ist in diesem Fall die Natur selbst.<\/p>\n\n\n\n<p>Die Insektenforscherin und Autorin Dominique Zimmermann, die &#8222;Gesichter der Vielfalt&#8220; f\u00fcr uns er\u00f6ffnet hat, sagt \u00fcber die Fl\u00e4che:<\/p>\n\n\n\n<blockquote class=\"wp-block-quote is-layout-flow wp-block-quote-is-layout-flow\">\n<p class=\"has-small-font-size\"><em>\u201cInsekten sind die artenreichste Organismengruppe der Erde. Sie haben viele und wichtige Rollen im \u00d6kosystem \u2013 sie sind absolut unverzichtbar f\u00fcr das Funktionieren des \u00d6kosystems, von dem wir Menschen leben. Auch im \u00f6ffentlichen Raum gibt es so viel unausgesch\u00f6pftes Potential! Mit gezielten Ma\u00dfnahmen k\u00f6nnen wir Fl\u00e4chen so gestalten, dass sie nicht nur uns Menschen dienen, sondern auch vielen anderen Arten! Etwa, wenn eine Bl\u00fchwiese einen Rollrasen ersetzt \u2013 und auch f\u00fcr uns Menschen gewinnt die Fl\u00e4che damit an Qualit\u00e4t.\u201c<\/em> <strong>Dominique Zimmermann<\/strong><\/p>\n<\/blockquote>\n\n\n\n<p><\/p>\n\n\n\n<p class=\"has-background\" style=\"background-color:#ededed\"><a href=\"https:\/\/oekosozial.at\/wien\/unsere-themen\/stadtnatur\/spatz-und-biene\/\">Details zu &#8222;Spatz und Biene&#8220;<\/a><\/p>\n\n\n\n<p><\/p>\n\n\n\n<details class=\"wp-block-details has-background is-layout-flow wp-block-details-is-layout-flow\" style=\"background-color:#bd79954d\"><summary>Reflexionsfrage<\/summary>\n<ul class=\"wp-block-list\">\n<li>Wusstest du, dass die Zahl der Spatzen stark zur\u00fcckgegangen ist? Woran k\u00f6nnte das liegen?<\/li>\n\n\n\n<li>Was wei\u00dft du sonst \u00fcber Spatzen?<\/li>\n\n\n\n<li>Wo und wie m\u00f6chtest du in deinem Umfeld einen Unterschied machen?<\/li>\n<\/ul>\n<\/details>\n\n\n\n<p><\/p>\n\n\n\n<details class=\"wp-block-details has-background is-layout-flow wp-block-details-is-layout-flow\" style=\"background-color:#bd79954d\"><summary>Musikalische Referenz<\/summary>\n<p>Der K\u00fcnstler Ben Harper hat in seinem die Mitgestaltungsm\u00f6glichkeiten einzelner Menschen in Bezug auf gesellschaftliche Aspekte thematisiert. <a href=\"https:\/\/www.youtube.com\/watch?v=aEnfy9qfdaU\"><strong>Ben Harper:  &#8222;With my own two hand<\/strong><\/a><\/p>\n<\/details>\n\n\n\n<p><\/p>\n\n\n\n<p><\/p>\n\n\n\n<h5 class=\"wp-block-heading\"><a href=\"https:\/\/oekosozial.at\/wien\/gesichter-der-vielfalt-guide\/schlussworte\/\">Schlussworte<\/a><\/h5>\n\n\n\n<p><\/p>\n\n\n\n<h5 class=\"wp-block-heading\"><a href=\"https:\/\/oekosozial.at\/wien\/gesichter-der-vielfalt-guide\/\">Zur\u00fcck zur \u00dcbersicht<\/a><\/h5>\n\n\n\n<p><\/p>\n\n\n\n<p class=\"has-cyan-bluish-gray-color has-text-color has-link-color wp-elements-f05e8feb850aaef6a446fb475d03a36a\">Text: Ren\u00e9 Hartinger | Tonspur: Barbara Mithlinger<\/p>\n\n\n\n<p><\/p>\n\n\n<ol class=\"wp-block-footnotes\"><li id=\"72897164-9f40-4e48-8b81-b91675a353cd\"><a href=\"https:\/\/www.koer.or.at\/projekte\/warten-auf-voegel-iv-neuaufstellung\/\">K\u00d6R: Warten auf V\u00f6gel<\/a> <a href=\"#72897164-9f40-4e48-8b81-b91675a353cd-link\" aria-label=\"Zur Fu\u00dfnotenreferenz 1 navigieren\">\u21a9\ufe0e<\/a><\/li><\/ol>\n\n\n<p><\/p>\n","protected":false},"excerpt":{"rendered":"<p>Einen Unterschied machen TONSPUR (folgt) | H\u00c4NGUNG Auch kleine Fl\u00e4chen k\u00f6nnen einen gro\u00dfen Unterschied f\u00fcr die Biodiversit\u00e4t machen. Die Gr\u00fcnfl\u00e4che, die sie neben der Galerie sehen, war bis vor kurzem noch eine strukturarme Wiese mit zwei Str\u00e4uchern und einem Baum. Im Vorfeld unserer Ausstellung wurde sie vom der Stadt Wien | Wiener Stadtg\u00e4rten auf Antrag der Bezirksvertretung hin zur Biodiversit\u00e4tsfl\u00e4che &#8230;<\/p>\n","protected":false},"author":24,"featured_media":0,"parent":5230,"menu_order":0,"comment_status":"closed","ping_status":"closed","template":"","meta":{"footnotes":"[{\"id\":\"72897164-9f40-4e48-8b81-b91675a353cd\",\"content\":\"<a href=\\\"https:\\\/\\\/www.koer.or.at\\\/projekte\\\/warten-auf-voegel-iv-neuaufstellung\\\/\\\">K\\u00d6R: Warten auf V\\u00f6gel<\\\/a>\"}]"},"class_list":["post-5262","page","type-page","status-publish","hentry","no-post-thumbnail"],"_links":{"self":[{"href":"https:\/\/oekosozial.at\/wien\/wp-json\/wp\/v2\/pages\/5262","targetHints":{"allow":["GET"]}}],"collection":[{"href":"https:\/\/oekosozial.at\/wien\/wp-json\/wp\/v2\/pages"}],"about":[{"href":"https:\/\/oekosozial.at\/wien\/wp-json\/wp\/v2\/types\/page"}],"author":[{"embeddable":true,"href":"https:\/\/oekosozial.at\/wien\/wp-json\/wp\/v2\/users\/24"}],"replies":[{"embeddable":true,"href":"https:\/\/oekosozial.at\/wien\/wp-json\/wp\/v2\/comments?post=5262"}],"version-history":[{"count":9,"href":"https:\/\/oekosozial.at\/wien\/wp-json\/wp\/v2\/pages\/5262\/revisions"}],"predecessor-version":[{"id":6091,"href":"https:\/\/oekosozial.at\/wien\/wp-json\/wp\/v2\/pages\/5262\/revisions\/6091"}],"up":[{"embeddable":true,"href":"https:\/\/oekosozial.at\/wien\/wp-json\/wp\/v2\/pages\/5230"}],"wp:attachment":[{"href":"https:\/\/oekosozial.at\/wien\/wp-json\/wp\/v2\/media?parent=5262"}],"curies":[{"name":"wp","href":"https:\/\/api.w.org\/{rel}","templated":true}]}}