{"id":31,"date":"2017-10-26T11:02:51","date_gmt":"2017-10-26T09:02:51","guid":{"rendered":"https:\/\/oekosozial.at\/steiermark\/?page_id=31"},"modified":"2017-11-23T12:12:19","modified_gmt":"2017-11-23T11:12:19","slug":"ueber-uns","status":"publish","type":"page","link":"https:\/\/oekosozial.at\/steiermark\/ueber-uns\/","title":{"rendered":"\u00dcber uns"},"content":{"rendered":"<div id=\"cs-content\" class=\"cs-content\"><\/div>\n","protected":false},"excerpt":{"rendered":"<p>Das \u00d6kosoziale Forum Steiermark Das \u00d6kosoziale Forum Steiermark ist eine \u00fcberparteiliche Plattform f\u00fcr die Begegnung und das gemeinsame Agieren von Personen und Institutionen, die sich f\u00fcr die Idee der \u00d6kosozialen Marktwirtschaft einsetzen. Der unverwechselbare Kern des angestrebten gesellschaftspolitischen Systems ist das richtige Gleichgewicht zwischen freier Marktwirtschaft, sozialer Fairness und \u00f6kologischer Verantwortung. Alle Mitglieder bekennen sich zu den gemeinsamen Grundwerten, wie &#8230;<\/p>\n","protected":false},"author":21,"featured_media":0,"parent":0,"menu_order":0,"comment_status":"closed","ping_status":"closed","template":"template-layout-full-width.php","meta":{"footnotes":""},"class_list":["post-31","page","type-page","status-publish","hentry","no-post-thumbnail"],"_links":{"self":[{"href":"https:\/\/oekosozial.at\/steiermark\/wp-json\/wp\/v2\/pages\/31","targetHints":{"allow":["GET"]}}],"collection":[{"href":"https:\/\/oekosozial.at\/steiermark\/wp-json\/wp\/v2\/pages"}],"about":[{"href":"https:\/\/oekosozial.at\/steiermark\/wp-json\/wp\/v2\/types\/page"}],"author":[{"embeddable":true,"href":"https:\/\/oekosozial.at\/steiermark\/wp-json\/wp\/v2\/users\/21"}],"replies":[{"embeddable":true,"href":"https:\/\/oekosozial.at\/steiermark\/wp-json\/wp\/v2\/comments?post=31"}],"version-history":[{"count":7,"href":"https:\/\/oekosozial.at\/steiermark\/wp-json\/wp\/v2\/pages\/31\/revisions"}],"predecessor-version":[{"id":134,"href":"https:\/\/oekosozial.at\/steiermark\/wp-json\/wp\/v2\/pages\/31\/revisions\/134"}],"wp:attachment":[{"href":"https:\/\/oekosozial.at\/steiermark\/wp-json\/wp\/v2\/media?parent=31"}],"curies":[{"name":"wp","href":"https:\/\/api.w.org\/{rel}","templated":true}]}}